{"id":661,"date":"2026-01-20T22:08:49","date_gmt":"2026-01-20T21:08:49","guid":{"rendered":"https:\/\/cis-moll.me\/?page_id=661"},"modified":"2026-06-22T10:50:59","modified_gmt":"2026-06-22T08:50:59","slug":"lesepiste","status":"publish","type":"page","link":"https:\/\/cis-moll.me\/?page_id=661","title":{"rendered":"Leseliste"},"content":{"rendered":"\n<div class=\"wp-block-group is-layout-flow wp-container-core-group-is-layout-b828a1b6 wp-block-group-is-layout-flow has-background\" style=\"min-height:50vh;margin-top:0;margin-bottom:0;padding-right:20px;padding-left:20px;background-image:url(&apos;https:\/\/cis-moll.me\/wp-content\/uploads\/2026\/01\/IMG_0218-3-scaled.jpeg&apos;);background-size:cover;\">\n<div class=\"wp-block-group is-vertical is-content-justification-right is-nowrap is-layout-flex wp-container-core-group-is-layout-2a6c5bb8 wp-block-group-is-layout-flex\">\n<h3 class=\"wp-block-heading has-text-align-right has-secondary-color has-text-color wp-container-content-9cfa9a5a\">Leseliste<\/h3>\n\n\n\n<h1 class=\"wp-block-heading has-text-align-right has-secondary-color has-text-color wp-container-content-9cfa9a5a\">Leseliste<\/h1>\n\n\n\n<h2 class=\"wp-block-heading has-text-align-right has-secondary-color has-text-color wp-container-content-9cfa9a5a\">Leseliste<\/h2>\n\n\n\n<h5 class=\"wp-block-heading has-text-align-right has-secondary-color has-text-color wp-container-content-9cfa9a5a\">Leseliste<\/h5>\n<\/div>\n<\/div>\n\n\n\n<div class=\"wp-block-group alignfull has-border-color has-primary-border-color has-background-color has-foreground-background-color has-text-color has-background has-link-color has-atkinson-hyperlegible-next-font-family wp-elements-1 is-layout-flow wp-block-group-is-layout-flow\" style=\"border-width:20px;padding-top:var(--wp--custom--spacing--large, 8rem);padding-bottom:var(--wp--custom--spacing--large, 8rem)\">\n<div class=\"wp-block-columns alignwide are-vertically-aligned-top is-layout-flex wp-container-core-columns-is-layout-794e3cfa wp-block-columns-is-layout-flex\">\n<div class=\"wp-block-column is-vertically-aligned-top is-layout-flow wp-container-core-column-is-layout-835debf9 wp-block-column-is-layout-flow\">\n<p class=\"has-large-font-size wp-block-paragraph\">Christina Clemm<\/p>\n\n\n\n<h2 id=\"jesus-rodriguez\" class=\"wp-block-heading has-x-large-font-size\" style=\"margin-top:0;margin-bottom:0\">Akteneinsicht<\/h2>\n\n\n\n<h3 class=\"wp-block-heading\" style=\"margin-top:0;margin-bottom:0\">Geschichten von Frauen und Gewalt<\/h3>\n\n\n\n<p class=\"has-large-font-size wp-block-paragraph\"><a href=\"https:\/\/www.kunstmann.de\/buecher\/akteneinsicht-geschichten-von-frauen-und-gewalt\"><mark style=\"background-color:rgba(0, 0, 0, 0)\" class=\"has-inline-color has-secondary-color\">Mehr Infos<\/mark><\/a><mark style=\"background-color:rgba(0, 0, 0, 0)\" class=\"has-inline-color has-secondary-color\"> \u2192<\/mark><\/p>\n<\/div>\n\n\n\n<div class=\"wp-block-column is-vertically-aligned-top is-layout-flow wp-block-column-is-layout-flow\">\n<p class=\"has-atkinson-hyperlegible-next-font-family has-large-font-size wp-block-paragraph\">&#8222;Gewalt gegen Frauen ist ein allt\u00e4gliches Ph\u00e4nomen, auch wenn sie nur selten \u00f6ffentlich wird. \u00bbAktenEinsicht\u00ab erz\u00e4hlt Geschichten von Frauen, die k\u00f6rperlicher und sexualisierter Gewalt ausgesetzt waren, und vermittelt \u00fcberraschende, teils erschreckende Einsichten in die Arbeit von Justiz und Polizei.&#8220;<\/p>\n<\/div>\n<\/div>\n\n\n\n<hr class=\"wp-block-separator has-text-color has-background-color has-alpha-channel-opacity has-background-background-color has-background alignwide is-style-wide\"\/>\n\n\n\n<div class=\"wp-block-columns alignwide are-vertically-aligned-top is-layout-flex wp-container-core-columns-is-layout-794e3cfa wp-block-columns-is-layout-flex\">\n<div class=\"wp-block-column is-vertically-aligned-top is-layout-flow wp-container-core-column-is-layout-34fb08a5 wp-block-column-is-layout-flow\" style=\"padding-top:0;padding-right:0;padding-bottom:0;padding-left:0\">\n<p class=\"has-large-font-size wp-block-paragraph\">Rebekka Endler<\/p>\n\n\n\n<h2 id=\"jesus-rodriguez\" class=\"wp-block-heading has-x-large-font-size\">Witches, Bitches, It-Girls<\/h2>\n\n\n\n<h3 class=\"wp-block-heading\">Wie patriarchale Mythen uns bis heute pr\u00e4gen<\/h3>\n\n\n\n<p class=\"has-large-font-size wp-block-paragraph\"><a href=\"https:\/\/www.rowohlt.de\/buch\/rebekka-endler-witches-bitches-it-girls-9783498007409?srsltid=AfmBOoq-aSamuIVB2U_TvNAklhOjy6rtosq_G1ZJXUmBZMrcWTssF_Wv\"><mark style=\"background-color:rgba(0, 0, 0, 0)\" class=\"has-inline-color has-secondary-color\">Mehr Infos<\/mark><\/a><mark style=\"background-color:rgba(0, 0, 0, 0)\" class=\"has-inline-color has-secondary-color\"> \u2192<\/mark><\/p>\n<\/div>\n\n\n\n<div class=\"wp-block-column is-vertically-aligned-top is-layout-flow wp-block-column-is-layout-flow\">\n<p class=\"has-large-font-size wp-block-paragraph\">&#8222;Das Patriarchat ist kein Mythos. Bestsellerautorin Rebekka Endler macht sich in ihrem neuen Buch auf die Suche nach den Ursachen des Patriarchats und geht der Frage nach, welche misogynen Mythen bis heute unser Denken und Handeln bestimmen.&#8220;<\/p>\n<\/div>\n<\/div>\n\n\n\n<hr class=\"wp-block-separator has-text-color has-background-color has-alpha-channel-opacity has-background-background-color has-background alignwide is-style-wide\"\/>\n\n\n\n<div class=\"wp-block-columns alignwide are-vertically-aligned-top is-layout-flex wp-container-core-columns-is-layout-794e3cfa wp-block-columns-is-layout-flex\">\n<div class=\"wp-block-column is-vertically-aligned-top is-layout-flow wp-container-core-column-is-layout-835debf9 wp-block-column-is-layout-flow\">\n<p class=\"has-large-font-size wp-block-paragraph\">Markus Metz, Georg See\u00dflen<\/p>\n\n\n\n<h2 id=\"jesus-rodriguez\" class=\"wp-block-heading has-x-large-font-size\">Bl\u00f6dmaschinen II<\/h2>\n\n\n\n<h3 class=\"wp-block-heading\">Die Fabrikation der politischen Paranoia<\/h3>\n\n\n\n<p class=\"has-large-font-size wp-block-paragraph\"><a href=\"https:\/\/www.suhrkamp.de\/buch\/bloedmaschinen-ii-t-9783518128466?utm_source=google.com&amp;utm_medium=ad&amp;utm_campaign=pmax&amp;gad_source=1&amp;gad_campaignid=20199555726&amp;gbraid=0AAAAACrTPaKeZ25bAbYOyHBrStESit1-M&amp;gclid=CjwKCAiA7LzLBhAgEiwAjMWzCN0iumo7LdG4-BVA8C9WUVM-rvcbUpixYCV_-YOgHLrt8ExvZrwICBoCld8QAvD_BwE\"><mark style=\"background-color:rgba(0, 0, 0, 0)\" class=\"has-inline-color has-secondary-color\">Mehr Infos<\/mark><\/a><mark style=\"background-color:rgba(0, 0, 0, 0)\" class=\"has-inline-color has-secondary-color\"> \u2192<\/mark><\/p>\n<\/div>\n\n\n\n<div class=\"wp-block-column is-vertically-aligned-top is-layout-flow wp-block-column-is-layout-flow\">\n<p class=\"has-large-font-size wp-block-paragraph\">&#8222;Als Markus Metz und Georg See\u00dflen 2011 ihrer Generalinventur der damaligen Gegenwart den Titel Bl\u00f6dmaschinen gaben, leuchtete das furchtbar ein. Sie zeigten eindr\u00fccklich, wie Um- und Innenwelten fabriziert werden, in denen kluge Worte oder Taten nicht mehr m\u00f6glich sind. Und das nicht prim\u00e4r aus Dummheit oder Unbedarftheit, sondern durch das Ineinandergreifen von konzertiertem Bl\u00f6d-sein-Sollen und geflissentlichem Bl\u00f6d-sein-Wollen.&#8220;<\/p>\n<\/div>\n<\/div>\n\n\n\n<hr class=\"wp-block-separator has-text-color has-background-color has-alpha-channel-opacity has-background-background-color has-background alignwide is-style-wide\"\/>\n\n\n\n<div class=\"wp-block-columns alignwide are-vertically-aligned-top is-layout-flex wp-container-core-columns-is-layout-794e3cfa wp-block-columns-is-layout-flex\">\n<div class=\"wp-block-column is-vertically-aligned-top is-layout-flow wp-container-core-column-is-layout-835debf9 wp-block-column-is-layout-flow\">\n<p class=\"has-large-font-size wp-block-paragraph\">Christa Wolf<\/p>\n\n\n\n<h2 id=\"jesus-rodriguez\" class=\"wp-block-heading has-x-large-font-size\">Der geteilte Himmel<\/h2>\n\n\n\n<h3 class=\"wp-block-heading\">Erz\u00e4hlung<\/h3>\n\n\n\n<p class=\"has-large-font-size wp-block-paragraph\"><a href=\"https:\/\/www.dtv.de\/buch\/der-geteilte-himmel-915\"><mark style=\"background-color:rgba(0, 0, 0, 0)\" class=\"has-inline-color has-secondary-color\">Mehr Infos<\/mark><\/a><mark style=\"background-color:rgba(0, 0, 0, 0)\" class=\"has-inline-color has-secondary-color\"> \u2192<\/mark><\/p>\n<\/div>\n\n\n\n<div class=\"wp-block-column is-vertically-aligned-top is-layout-flow wp-block-column-is-layout-flow\">\n<p class=\"has-large-font-size wp-block-paragraph\">&#8222;Berlin Ende August 1961: Die Studentin Rita Seidel befindet sich in einer tiefen Krise.Ihr Freund Manfred ist von einem Chemikerkongress in Westberlin nicht zur\u00fcckgekehrt, Sie muss sich entscheiden\u2026Christa Wolfs Erz\u00e4hlung ist die einzig g\u00fcltige Auseinandersetzung mit den Jahren der deutschen Teilung.&#8220;<\/p>\n<\/div>\n<\/div>\n\n\n\n<hr class=\"wp-block-separator has-text-color has-background-color has-alpha-channel-opacity has-background-background-color has-background alignwide is-style-wide\"\/>\n\n\n\n<div class=\"wp-block-columns alignwide are-vertically-aligned-top is-layout-flex wp-container-core-columns-is-layout-794e3cfa wp-block-columns-is-layout-flex\">\n<div class=\"wp-block-column is-vertically-aligned-top is-layout-flow wp-container-core-column-is-layout-835debf9 wp-block-column-is-layout-flow\">\n<p class=\"has-large-font-size wp-block-paragraph\">Han Kang<\/p>\n\n\n\n<h2 id=\"jesus-rodriguez\" class=\"wp-block-heading has-x-large-font-size\">Menschenwerk<\/h2>\n\n\n\n<h3 class=\"wp-block-heading\">Roman<\/h3>\n\n\n\n<p class=\"has-large-font-size wp-block-paragraph\"><a href=\"https:\/\/www.aufbau-verlage.de\/aufbau-taschenbuch\/menschenwerk\/978-3-7466-3518-7\"><mark style=\"background-color:rgba(0, 0, 0, 0)\" class=\"has-inline-color has-secondary-color\">Mehr Infos<\/mark><\/a><mark style=\"background-color:rgba(0, 0, 0, 0)\" class=\"has-inline-color has-secondary-color\"> \u2192<\/mark><\/p>\n<\/div>\n\n\n\n<div class=\"wp-block-column is-vertically-aligned-top is-layout-flow wp-block-column-is-layout-flow\">\n<p class=\"has-large-font-size wp-block-paragraph\">&#8222;Ein Junge ist gestorben, und die Hinterbliebenen m\u00fcssen weiterleben. Doch was ist ihnen ihr Leben noch wert? Han Kang beschreibt in ihrem Roman, wie dehnbar die Grenzen menschlicher Leidensf\u00e4higkeit sind. Ein h\u00f6chst mutiges Buch und ein brennender Aufruf gegen jede Art von Gewalt.&#8220;<\/p>\n<\/div>\n<\/div>\n\n\n\n<hr class=\"wp-block-separator has-text-color has-background-color has-alpha-channel-opacity has-background-background-color has-background alignwide is-style-wide\"\/>\n\n\n\n<div class=\"wp-block-columns alignwide are-vertically-aligned-top is-layout-flex wp-container-core-columns-is-layout-794e3cfa wp-block-columns-is-layout-flex\">\n<div class=\"wp-block-column is-vertically-aligned-top is-layout-flow wp-container-core-column-is-layout-835debf9 wp-block-column-is-layout-flow\">\n<p class=\"has-large-font-size wp-block-paragraph\">Carolin Emcke<\/p>\n\n\n\n<h2 id=\"jesus-rodriguez\" class=\"wp-block-heading has-x-large-font-size\">Gegen den Hass<\/h2>\n\n\n\n<p class=\"has-large-font-size wp-block-paragraph\"><a href=\"https:\/\/www.fischerverlage.de\/buch\/carolin-emcke-gegen-den-hass-9783596296873\"><mark style=\"background-color:rgba(0, 0, 0, 0)\" class=\"has-inline-color has-secondary-color\">Mehr Infos<\/mark><\/a><mark style=\"background-color:rgba(0, 0, 0, 0)\" class=\"has-inline-color has-secondary-color\"> \u2192<\/mark><\/p>\n<\/div>\n\n\n\n<div class=\"wp-block-column is-vertically-aligned-top is-layout-flow wp-block-column-is-layout-flow\">\n<p class=\"has-large-font-size wp-block-paragraph\">\u00bbEs gilt zu mobilisieren, was dem Hassenden abgeht: die F\u00e4higkeit zur Ironie, zu Zweifeln und die Vision einer offenen Gesellschaft.\u00ab <\/p>\n\n\n\n<p class=\"has-large-font-size wp-block-paragraph\">Carolin Emcke<\/p>\n<\/div>\n<\/div>\n\n\n\n<hr class=\"wp-block-separator has-text-color has-background-color has-alpha-channel-opacity has-background-background-color has-background alignwide is-style-wide\"\/>\n\n\n\n<div class=\"wp-block-columns alignwide are-vertically-aligned-top is-layout-flex wp-container-core-columns-is-layout-794e3cfa wp-block-columns-is-layout-flex\">\n<div class=\"wp-block-column is-vertically-aligned-top is-layout-flow wp-container-core-column-is-layout-835debf9 wp-block-column-is-layout-flow\">\n<p class=\"has-large-font-size wp-block-paragraph\">Christian St\u00f6cker<\/p>\n\n\n\n<h2 id=\"jesus-rodriguez\" class=\"wp-block-heading has-x-large-font-size\">M\u00e4nner, die die Welt verbrennen<\/h2>\n\n\n\n<h3 class=\"wp-block-heading\">Der entscheidende Kampf um die Zukunft der Menschheit<\/h3>\n\n\n\n<p class=\"has-large-font-size wp-block-paragraph\"><a href=\"https:\/\/www.ullstein.de\/werke\/maenner-die-die-welt-verbrennen\/hardcover\/9783550202827\"><mark style=\"background-color:rgba(0, 0, 0, 0)\" class=\"has-inline-color has-secondary-color\">Mehr Infos<\/mark><\/a><mark style=\"background-color:rgba(0, 0, 0, 0)\" class=\"has-inline-color has-secondary-color\"> \u2192<\/mark><\/p>\n<\/div>\n\n\n\n<div class=\"wp-block-column is-vertically-aligned-top is-layout-flow wp-block-column-is-layout-flow\">\n<p class=\"has-large-font-size wp-block-paragraph\">&#8222;Die Welt steckt in der Endphase eines Kulturkampfs: Gier gegen Gerechtigkeit, Zerst\u00f6rung gegen Nachhaltigkeit, Zynismus gegen Empathie. Nichts zeigt dies deutlicher als die Reaktionen auf die Klimakatastrophe: Hier jene, die versuchen, das Schlimmste zu verhindern, dort jene, die alles tun, um aus dem Verbrennen fossiler Stoffe Profit zu ziehen.&#8220;<\/p>\n<\/div>\n<\/div>\n\n\n\n<hr class=\"wp-block-separator has-text-color has-background-color has-alpha-channel-opacity has-background-background-color has-background alignwide is-style-wide\"\/>\n\n\n\n<div class=\"wp-block-columns alignwide are-vertically-aligned-top is-layout-flex wp-container-core-columns-is-layout-794e3cfa wp-block-columns-is-layout-flex\">\n<div class=\"wp-block-column is-vertically-aligned-top is-layout-flow wp-container-core-column-is-layout-835debf9 wp-block-column-is-layout-flow\">\n<p class=\"has-large-font-size wp-block-paragraph\">Franziska Schutzbach<\/p>\n\n\n\n<h2 id=\"jesus-rodriguez\" class=\"wp-block-heading has-x-large-font-size\">Die Ersch\u00f6pfung der Frauen<\/h2>\n\n\n\n<h3 class=\"wp-block-heading\">Wider die weibliche Verf\u00fcgbarkeit<\/h3>\n\n\n\n<p class=\"has-large-font-size wp-block-paragraph\"><a href=\"https:\/\/www.ullstein.de\/werke\/maenner-die-die-welt-verbrennen\/hardcover\/9783550202827\"><mark style=\"background-color:rgba(0, 0, 0, 0)\" class=\"has-inline-color has-secondary-color\">Mehr Infos<\/mark><\/a><mark style=\"background-color:rgba(0, 0, 0, 0)\" class=\"has-inline-color has-secondary-color\"> \u2192<\/mark><\/p>\n<\/div>\n\n\n\n<div class=\"wp-block-column is-vertically-aligned-top is-layout-flow wp-block-column-is-layout-flow\">\n<p class=\"has-large-font-size wp-block-paragraph\">&#8222;Frauen haben heute angeblich so viele Entscheidungsm\u00f6glichkeiten wie nie zuvor. Und sind gleichzeitig so ersch\u00f6pft wie nie zuvor. Denn nach wie vor wird von ihnen verlangt, permanent verf\u00fcgbar zu sein.&#8220;<\/p>\n<\/div>\n<\/div>\n\n\n\n<hr class=\"wp-block-separator has-text-color has-background-color has-alpha-channel-opacity has-background-background-color has-background alignwide is-style-wide\"\/>\n\n\n\n<div class=\"wp-block-columns alignwide are-vertically-aligned-top is-layout-flex wp-container-core-columns-is-layout-794e3cfa wp-block-columns-is-layout-flex\">\n<div class=\"wp-block-column is-vertically-aligned-top is-layout-flow wp-container-core-column-is-layout-835debf9 wp-block-column-is-layout-flow\">\n<p class=\"has-large-font-size wp-block-paragraph\">Yukio Mishima<\/p>\n\n\n\n<h2 id=\"jesus-rodriguez\" class=\"wp-block-heading has-x-large-font-size\">The Sailor Who Fell from Grace with the Sea<\/h2>\n\n\n\n<h3 class=\"wp-block-heading\">Roman<\/h3>\n\n\n\n<p class=\"has-large-font-size wp-block-paragraph\"><a href=\"https:\/\/www.penguinrandomhouse.com\/books\/115350\/the-sailor-who-fell-from-grace-with-the-sea-by-yukio-mishima\/\"><mark style=\"background-color:rgba(0, 0, 0, 0)\" class=\"has-inline-color has-secondary-color\">Mehr Infos<\/mark><\/a><mark style=\"background-color:rgba(0, 0, 0, 0)\" class=\"has-inline-color has-secondary-color\"> \u2192<\/mark><\/p>\n<\/div>\n\n\n\n<div class=\"wp-block-column is-vertically-aligned-top is-layout-flow wp-block-column-is-layout-flow\">\n<p class=\"has-large-font-size wp-block-paragraph\">&#8222;Thirteen-year-old Noboru is a member of a gang of highly philosophical teenage boys who reject the tenets of the adult world \u2014 to them, adult life is illusory, hypocritical, and sentimental. When Noboru\u2019s widowed mother is romanced by Ryuji, a sailor, Noboru is thrilled. He idolizes this rugged man of the sea as a hero. But his admiration soon turns to hatred, as Ryuji forsakes life onboard the ship for marriage, rejecting everything Noboru holds sacred. Upset and appalled, he and his friends respond to this apparent betrayal with a terrible ferocity.&#8220;<\/p>\n<\/div>\n<\/div>\n\n\n\n<hr class=\"wp-block-separator has-text-color has-background-color has-alpha-channel-opacity has-background-background-color has-background alignwide is-style-wide\"\/>\n\n\n\n<div class=\"wp-block-columns alignwide are-vertically-aligned-top is-layout-flex wp-container-core-columns-is-layout-794e3cfa wp-block-columns-is-layout-flex\">\n<div class=\"wp-block-column is-vertically-aligned-top is-layout-flow wp-container-core-column-is-layout-835debf9 wp-block-column-is-layout-flow\">\n<p class=\"has-large-font-size wp-block-paragraph\">Jasmina Kuhnke<\/p>\n\n\n\n<h2 id=\"jesus-rodriguez\" class=\"wp-block-heading has-x-large-font-size\">Schwarzes Herz<\/h2>\n\n\n\n<h3 class=\"wp-block-heading\">Roman<\/h3>\n\n\n\n<p class=\"has-large-font-size wp-block-paragraph\"><a href=\"https:\/\/www.rowohlt.de\/buch\/jasmina-kuhnke-schwarzes-herz-9783499006784?srsltid=AfmBOopKQBUUwXz_yTsbXInBxo6gieA750tnv3bns_C_CAIfq7mUEplo\"><mark style=\"background-color:rgba(0, 0, 0, 0)\" class=\"has-inline-color has-secondary-color\">Mehr Infos<\/mark><\/a><mark style=\"background-color:rgba(0, 0, 0, 0)\" class=\"has-inline-color has-secondary-color\"> \u2192<\/mark><\/p>\n<\/div>\n\n\n\n<div class=\"wp-block-column is-vertically-aligned-top is-layout-flow wp-block-column-is-layout-flow\">\n<p class=\"has-large-font-size wp-block-paragraph\">&#8222;Kraftvoll und eindringlich schreibt Jasmina Kuhnke in ihrem ersten Roman dar\u00fcber, wie sich Rassismus in die Seelen der betroffenen Menschen webt. Es wird niemanden so schnell loslassen, denn es tut weh&#8220;.<\/p>\n<\/div>\n<\/div>\n\n\n\n<hr class=\"wp-block-separator has-text-color has-background-color has-alpha-channel-opacity has-background-background-color has-background alignwide is-style-wide\"\/>\n\n\n\n<div class=\"wp-block-columns alignwide are-vertically-aligned-top is-layout-flex wp-container-core-columns-is-layout-794e3cfa wp-block-columns-is-layout-flex\">\n<div class=\"wp-block-column is-vertically-aligned-top is-layout-flow wp-container-core-column-is-layout-835debf9 wp-block-column-is-layout-flow\">\n<p class=\"has-large-font-size wp-block-paragraph\">Audre Lorde<\/p>\n\n\n\n<h2 id=\"jesus-rodriguez\" class=\"wp-block-heading has-x-large-font-size\">The Master&#8217;s Tools Will Never Dismantle the Master&#8217;s House<\/h2>\n\n\n\n<p class=\"has-large-font-size wp-block-paragraph\"><a href=\"https:\/\/www.penguin.co.uk\/books\/308596\/the-masters-tools-will-never-dismantle-the-masters-house-by-lorde-audre\/9780241339725\"><mark style=\"background-color:rgba(0, 0, 0, 0)\" class=\"has-inline-color has-secondary-color\">Mehr Infos<\/mark><\/a><mark style=\"background-color:rgba(0, 0, 0, 0)\" class=\"has-inline-color has-secondary-color\"> \u2192<\/mark><\/p>\n<\/div>\n\n\n\n<div class=\"wp-block-column is-vertically-aligned-top is-layout-flow wp-block-column-is-layout-flow\">\n<p class=\"has-large-font-size wp-block-paragraph\"><em>I am Black and lesbian, and what you hear in my voice is fury, not suffering.<\/em><\/p>\n\n\n\n<p class=\"has-large-font-size wp-block-paragraph\">From the self-described &#8218;black, lesbian, mother, warrior, poet&#8216;, these soaring, urgent essays on the power of women, poetry and anger are filled with darkness and light.<\/p>\n<\/div>\n<\/div>\n\n\n\n<hr class=\"wp-block-separator has-text-color has-background-color has-alpha-channel-opacity has-background-background-color has-background alignwide is-style-wide\"\/>\n\n\n\n<div class=\"wp-block-columns alignwide are-vertically-aligned-top is-layout-flex wp-container-core-columns-is-layout-794e3cfa wp-block-columns-is-layout-flex\">\n<div class=\"wp-block-column is-vertically-aligned-top is-layout-flow wp-container-core-column-is-layout-835debf9 wp-block-column-is-layout-flow\">\n<p class=\"has-large-font-size wp-block-paragraph\">Yishai Sarid<\/p>\n\n\n\n<h2 id=\"jesus-rodriguez\" class=\"wp-block-heading has-x-large-font-size\">Monster<\/h2>\n\n\n\n<h3 class=\"wp-block-heading\">Roman<\/h3>\n\n\n\n<p class=\"has-large-font-size wp-block-paragraph\"><a href=\"https:\/\/www.keinundaber.ch\/buecher\/monster\/\"><mark style=\"background-color:rgba(0, 0, 0, 0)\" class=\"has-inline-color has-secondary-color\">Mehr Infos<\/mark><\/a><mark style=\"background-color:rgba(0, 0, 0, 0)\" class=\"has-inline-color has-secondary-color\"> \u2192<\/mark><\/p>\n<\/div>\n\n\n\n<div class=\"wp-block-column is-vertically-aligned-top is-layout-flow wp-block-column-is-layout-flow\">\n<p class=\"has-large-font-size wp-block-paragraph\">&#8222;Am Ende des Romans steht eine Eskalation: Ein israelischer Tourguide streckt im Konzentrationslager von Treblinka einen deutschen Dokumentarfilmer mit einem Faustschlag nieder. Wie kam es dazu? In einem Bericht an seinen ehemaligen Chef schildert der Mann, wie er jahrelang Schulklassen, Soldaten und Touristen durch NS-Gedenkst\u00e4tten gef\u00fchrt hat und wie unterschiedlich diese mit der Erinnerung an den Holocaust umgehen.&#8220;<\/p>\n<\/div>\n<\/div>\n\n\n\n<hr class=\"wp-block-separator has-text-color has-background-color has-alpha-channel-opacity has-background-background-color has-background alignwide is-style-wide\"\/>\n\n\n\n<div class=\"wp-block-columns alignwide are-vertically-aligned-top is-layout-flex wp-container-core-columns-is-layout-794e3cfa wp-block-columns-is-layout-flex\">\n<div class=\"wp-block-column is-vertically-aligned-top is-layout-flow wp-container-core-column-is-layout-835debf9 wp-block-column-is-layout-flow\">\n<p class=\"has-large-font-size wp-block-paragraph\">Natascha Strobl<\/p>\n\n\n\n<h2 id=\"jesus-rodriguez\" class=\"wp-block-heading has-x-large-font-size\">Radikalisierter Konservatismus<\/h2>\n\n\n\n<h3 class=\"wp-block-heading\">Eine Analyse<\/h3>\n\n\n\n<p class=\"has-large-font-size wp-block-paragraph\"><a href=\"https:\/\/www.suhrkamp.de\/buch\/natascha-strobl-radikalisierter-konservatismus-t-9783518127827?utm_source=google.com&amp;utm_medium=ad&amp;utm_campaign=pmax&amp;gad_source=1&amp;gad_campaignid=20199555726&amp;gbraid=0AAAAACrTPaK02oqGYZLXeHtbg6tIeMbV4&amp;gclid=Cj0KCQiA1czLBhDhARIsAIEc7ug92Y-mmVhCQPqnDXpf9W2NnWAQXIc51RgvsaU82F4YUN276wWjdcEaAj4kEALw_wcB\"><mark style=\"background-color:rgba(0, 0, 0, 0)\" class=\"has-inline-color has-secondary-color\">Mehr Infos<\/mark><\/a><mark style=\"background-color:rgba(0, 0, 0, 0)\" class=\"has-inline-color has-secondary-color\"> \u2192<\/mark><\/p>\n<\/div>\n\n\n\n<div class=\"wp-block-column is-vertically-aligned-top is-layout-flow wp-block-column-is-layout-flow\">\n<p class=\"has-large-font-size wp-block-paragraph\">&#8222;Von der Krise der Sozialdemokratie ist allerorten die Rede. Doch auch viele traditionsreiche Mitte-rechts-Parteien befinden sich im Niedergang oder zumindest in einer Zwickm\u00fchle: Sollen sie sich f\u00fcr progressive urbane Milieus \u00f6ffnen? Oder lieber ihr konservatives Profil sch\u00e4rfen? W\u00e4hrend Angela Merkel f\u00fcr das eine Modell steht, repr\u00e4sentieren Politiker wie Donald Trump oder Sebastian Kurz das andere. Sie sind Vertreter eines radikalisierten Konservatismus.&#8220;<\/p>\n<\/div>\n<\/div>\n\n\n\n<hr class=\"wp-block-separator has-text-color has-background-color has-alpha-channel-opacity has-background-background-color has-background alignwide is-style-wide\"\/>\n\n\n\n<h2 data-wp-context---core-fit-text=\"core\/fit-text::{&quot;fontSize&quot;:&quot;&quot;}\" data-wp-init---core-fit-text=\"core\/fit-text::callbacks.init\" data-wp-interactive data-wp-style--font-size=\"core\/fit-text::context.fontSize\" class=\"wp-block-heading alignwide has-fit-text\" style=\"margin-bottom:0rem;line-height:1.15\"><em>B\u00fccher die bewegen, <\/em><br><em>r\u00fctteln, <\/em><br><em>aufkl\u00e4ren und erhellen, <\/em><br><em>die<\/em> <em>informieren <\/em><br><em>und wie gute B\u00fccher <\/em><br><em>noch lange nach dem Lesen <\/em><br><em>bei dir bleiben.<\/em><\/h2>\n<\/div>\n","protected":false},"excerpt":{"rendered":"<p>Leseliste Leseliste Leseliste Leseliste Christina Clemm Akteneinsicht Geschichten von Frauen und Gewalt Mehr Infos \u2192 &#8222;Gewalt gegen Frauen ist ein allt\u00e4gliches Ph\u00e4nomen, auch wenn sie nur selten \u00f6ffentlich wird. \u00bbAktenEinsicht\u00ab erz\u00e4hlt Geschichten von Frauen, die k\u00f6rperlicher und sexualisierter Gewalt ausgesetzt waren, und vermittelt \u00fcberraschende, teils erschreckende Einsichten in die Arbeit von Justiz und Polizei.&#8220; Rebekka [&hellip;]<\/p>\n","protected":false},"author":2,"featured_media":662,"parent":0,"menu_order":0,"comment_status":"closed","ping_status":"closed","template":"page-no-separators","meta":{"footnotes":""},"class_list":["post-661","page","type-page","status-publish","has-post-thumbnail","hentry"],"_links":{"self":[{"href":"https:\/\/cis-moll.me\/index.php?rest_route=\/wp\/v2\/pages\/661","targetHints":{"allow":["GET"]}}],"collection":[{"href":"https:\/\/cis-moll.me\/index.php?rest_route=\/wp\/v2\/pages"}],"about":[{"href":"https:\/\/cis-moll.me\/index.php?rest_route=\/wp\/v2\/types\/page"}],"author":[{"embeddable":true,"href":"https:\/\/cis-moll.me\/index.php?rest_route=\/wp\/v2\/users\/2"}],"replies":[{"embeddable":true,"href":"https:\/\/cis-moll.me\/index.php?rest_route=%2Fwp%2Fv2%2Fcomments&post=661"}],"version-history":[{"count":44,"href":"https:\/\/cis-moll.me\/index.php?rest_route=\/wp\/v2\/pages\/661\/revisions"}],"predecessor-version":[{"id":1400,"href":"https:\/\/cis-moll.me\/index.php?rest_route=\/wp\/v2\/pages\/661\/revisions\/1400"}],"wp:featuredmedia":[{"embeddable":true,"href":"https:\/\/cis-moll.me\/index.php?rest_route=\/wp\/v2\/media\/662"}],"wp:attachment":[{"href":"https:\/\/cis-moll.me\/index.php?rest_route=%2Fwp%2Fv2%2Fmedia&parent=661"}],"curies":[{"name":"wp","href":"https:\/\/api.w.org\/{rel}","templated":true}]}}